{"id":10,"date":"2022-03-01T10:04:29","date_gmt":"2022-03-01T09:04:29","guid":{"rendered":"https:\/\/agenciapentabrand.com\/agente-digitalizador\/?page_id=10"},"modified":"2022-03-22T12:28:57","modified_gmt":"2022-03-22T11:28:57","slug":"inicio","status":"publish","type":"page","link":"https:\/\/agenciapentabrand.com\/agente-digitalizador\/","title":{"rendered":"Inicio"},"content":{"rendered":"<p>[vc_row][vc_column][vc_empty_space height=\u00bb30px\u00bb][vc_single_image image=\u00bb24&#8243; img_size=\u00bbfull\u00bb alignment=\u00bbcenter\u00bb][vc_empty_space height=\u00bb40px\u00bb][\/vc_column][\/vc_row][vc_row gap=\u00bb35&#8243; equal_height=\u00bbyes\u00bb content_placement=\u00bbmiddle\u00bb bg_type=\u00bbbg_color\u00bb bg_color_value=\u00bb#f7f7f7&#8243; css=\u00bb.vc_custom_1646213782912{margin-bottom: 50px !important;padding-right: 20px !important;padding-left: 20px !important;}\u00bb][vc_column width=\u00bb1\/2&#8243;][vc_video link=\u00bbhttps:\/\/www.youtube.com\/watch?v=fI_Y5W25hPs&amp;t=2s\u00bb el_aspect=\u00bb43&#8243; align=\u00bbcenter\u00bb][\/vc_column][vc_column width=\u00bb1\/2&#8243;][vc_column_text]<\/p>\n<h3>\u00bfQu\u00e9 es?<\/h3>\n<p><strong>El Kit Digital es una iniciativa del Gobierno de Espa\u00f1a,<\/strong> que tiene como objetivo subvencionar la implantaci\u00f3n de soluciones digitales disponibles en el mercado para conseguir un avance significativo en el nivel de madurez digital.<\/p>\n<h3><div class=\"gap\" style=\"line-height: 10px; height: 10px;\"><\/div>\u00bfA qui\u00e9n va dirigido?<\/h3>\n<p>Las soluciones digitales que proporciona el Kit Digital est\u00e1n orientadas a las necesidades de las peque\u00f1as empresas, microempresas y trabajadores aut\u00f3nomos, que pertenezcan a cualquier sector o tipolog\u00eda de negocio.[\/vc_column_text][\/vc_column][\/vc_row][vc_row][vc_column][vc_column_text]<\/p>\n<h1 style=\"text-align: center;\">Servicios del Kit Digital<\/h1>\n<h4 style=\"text-align: center;\">Desde Agencia PENTABRAND ofrecemos los siguientes servicios adaptados al bono digital.<\/h4>\n<p>[\/vc_column_text][vc_empty_space height=\u00bb20px\u00bb][vc_tta_tabs style=\u00bbflat\u00bb color=\u00bbwhite\u00bb spacing=\u00bb35&#8243; gap=\u00bb35&#8243; alignment=\u00bbcenter\u00bb active_section=\u00bb1&#8243;][vc_tta_section title=\u00bbSITIO WEB Y PRESENCIA EN INTERNET\u00bb tab_id=\u00bb1646214977608-37033cb0-4bcf\u00bb][vc_row_inner css=\u00bb.vc_custom_1646215882793{margin-top: 30px !important;}\u00bb el_class=\u00bbancho-servicios\u00bb][vc_column_inner][vc_column_text]<\/p>\n<h1 style=\"text-align: center; margin-bottom: 0px;\"><strong>Web Corporativa<\/strong><\/h1>\n<p>[\/vc_column_text][vc_single_image image=\u00bb61&#8243; img_size=\u00bb60&#215;60&#8243; alignment=\u00bbcenter\u00bb css=\u00bb.vc_custom_1646219051457{margin-bottom: 20px !important;border-bottom-width: 0px !important;padding-bottom: 0px !important;}\u00bb][vc_column_text]<\/p>\n<p style=\"text-align: center;\"><strong>Una web corporativa es el sitio en Internet de una marca o empresa y su m\u00e1xima representaci\u00f3n digital en la red.<\/strong><\/p>\n<p style=\"text-align: center;\"><strong>En la p\u00e1gina web corporativa se debe encontrar toda la informaci\u00f3n necesaria que tus clientes potenciales deben saber sobre ti: qui\u00e9n eres, d\u00f3nde est\u00e1s, qu\u00e9 vendes y cu\u00e1les son tus redes sociales.<\/strong><\/p>\n<p style=\"text-align: center;\"><strong>Es importante diferenciar la p\u00e1gina web corporativa de un ecommerce, pues la p\u00e1gina corporativa est\u00e1 destinada a vender, sino a informar.<\/strong><\/p>\n<p style=\"text-align: center;\"><strong>En esta soluci\u00f3n ofrecemos los siguientes trabajos y servicios:<\/strong><\/p>\n<p>[\/vc_column_text]<div class=\"standard-arrow list-divider bullet-top\"><ul>\n<li><b>Dominio<\/b>: alta de nuevo dominio durante un plazo m\u00ednimo de doce meses. La titularidad del dominio ser\u00e1 en su totalidad de la pyme.<\/li>\n<li><b>Hosting<\/b>: alojamiento de la p\u00e1gina web desarrollada durante un plazo m\u00ednimo de doce meses.<\/li>\n<li><b>Dise\u00f1o de la p\u00e1gina web<\/b>: estructura web con un m\u00ednimo de 3 p\u00e1ginas o apartados. Se consideran p\u00e1ginas o apartados de una web, elementos tales como: p\u00e1gina de inicio (Landing Page), presentaci\u00f3n de la empresa, formulario de contacto, descripci\u00f3n de productos, datos de contacto, mapa del sitio (sitemap), etc.<\/li>\n<li><b>Web responsive<\/b>: las p\u00e1ginas web ser\u00e1n adaptadas para ser funcionales en todo tipo de dispositivos.<\/li>\n<li><b>Accesibilidad<\/b>: el dise\u00f1o debe cumplir\u00e1 con criterios de conformidad.<\/li>\n<li><b>Autogestionable<\/b>: para que sea aut\u00f3nomo a la hora de modificar el contenido de sus p\u00e1ginas web, sin la necesidad de recurrir al soporte de la empresa.<\/li>\n<li><b>Posicionamiento b\u00e1sico en internet<\/b>: Posicionamiento de la informaci\u00f3n b\u00e1sica del negocio, contacto y perfil de la empresa en los principales sites, redes de negocio o directorios de empresas y profesionales.<\/li>\n<\/ul>\n<\/div>[vc_column_text]<\/p>\n<h1 style=\"text-align: center; margin-bottom: 0px;\">Entre 1.200 \u20ac y 3.000 \u20ac<\/h1>\n<h4 style=\"text-align: center;\">Sitio web y presencia en internet<\/h4>\n<p>[\/vc_column_text][\/vc_column_inner][\/vc_row_inner][\/vc_tta_section][vc_tta_section title=\u00bbCOMERCIO ELECTR\u00d3NICO\u00bb tab_id=\u00bb1646214977634-c8b4cabc-a97b\u00bb][vc_row_inner css=\u00bb.vc_custom_1646215882793{margin-top: 30px !important;}\u00bb el_class=\u00bbancho-servicios\u00bb][vc_column_inner][vc_column_text]<\/p>\n<h1 style=\"text-align: center; margin-bottom: 0px;\"><strong>Tienda Online<\/strong><\/h1>\n<p>[\/vc_column_text][vc_single_image image=\u00bb64&#8243; img_size=\u00bb60&#215;60&#8243; alignment=\u00bbcenter\u00bb css=\u00bb.vc_custom_1646219899760{margin-bottom: 20px !important;border-bottom-width: 0px !important;padding-bottom: 0px !important;}\u00bb][vc_column_text]<\/p>\n<p style=\"text-align: center;\"><strong>Una tienda virtual o tienda online es un\u00a0sitio web dise\u00f1ado especialmente para vender productos u ofrecer servicios mediante el comercio electr\u00f3nico.<\/strong><\/p>\n<p style=\"text-align: center;\"><strong>Uno de sus principales beneficios es que este espacio de Internet permite a los vendedores\u00a0exhibir su mercanc\u00eda durante las 24 horas del d\u00eda, los 7 d\u00edas de la semana y desde cualquier lugar.<\/strong><\/p>\n<p style=\"text-align: center;\"><strong>Incluimos dentro de esta soluci\u00f3n:<\/strong><\/p>\n<p>[\/vc_column_text]<div class=\"standard-arrow list-divider bullet-top\"><ul>\n<li><b>Creaci\u00f3n tienda online o E-Commerce y alta del cat\u00e1logo de productos: producci\u00f3n de un cat\u00e1logo mediante el alta<\/b>, importaci\u00f3n o carga de los productos o art\u00edculos de la pyme. El n\u00famero de referencias a cargar ser\u00e1 de al menos 100 referencias de productos, salvo que la pyme no disponga de este n\u00famero, en cuyo caso podr\u00e1 ser menor.<\/li>\n<li><b>M\u00e9todos de pago<\/b>: configuraci\u00f3n e integraci\u00f3n de los m\u00e9todos de pago.<\/li>\n<li><b>Dise\u00f1o Responsive<\/b>: Se adaptar\u00e1 para ser funcional en todo tipo de dispositivos.<\/li>\n<li><b>Accesibilidad<\/b>:\u00a0 El dise\u00f1o debe cumplir\u00e1 con criterios de conformidad.<\/li>\n<li><b>Posicionamiento b\u00e1sico en internet<\/b>: Posicionamiento de la informaci\u00f3n b\u00e1sica del negocio, contacto y perfil de la empresa en los principales sites, redes de negocio o directorios de empresas y profesionales.<\/li>\n<li><b>Autogestionable:<\/b>\u00a0De manera que sea aut\u00f3nomo a la hora de modificar el contenido de sus p\u00e1ginas web, sin la necesidad de recurrir al soporte de la empresa proveedora.<\/li>\n<li><b>Formas de env\u00edo<\/b>: configuraci\u00f3n e integraci\u00f3n de m\u00e9todos de env\u00edo digital y f\u00edsico de los productos comercializados por el beneficiario en la tienda online.<\/li>\n<\/ul>\n<\/div>[vc_column_text]<\/p>\n<h1 style=\"text-align: center; margin-bottom: 0px;\">Entre 1.800 \u20ac y 6.000 \u20ac<\/h1>\n<h4 style=\"text-align: center;\">Comercio electr\u00f3nico<\/h4>\n<p>[\/vc_column_text][\/vc_column_inner][\/vc_row_inner][\/vc_tta_section][vc_tta_section title=\u00bbGESTI\u00d3N DE REDES SOCIALES\u00bb tab_id=\u00bb1646215440702-28f550ce-81b8&#8243;][vc_row_inner css=\u00bb.vc_custom_1646215882793{margin-top: 30px !important;}\u00bb el_class=\u00bbancho-servicios\u00bb][vc_column_inner][vc_column_text]<\/p>\n<h1 style=\"text-align: center; margin-bottom: 0px;\"><strong>Creaci\u00f3n y Gesti\u00f3n de RRSS<\/strong><\/h1>\n<p>[\/vc_column_text][vc_single_image image=\u00bb66&#8243; img_size=\u00bb60&#215;60&#8243; alignment=\u00bbcenter\u00bb css=\u00bb.vc_custom_1646220201729{margin-bottom: 20px !important;border-bottom-width: 0px !important;padding-bottom: 0px !important;}\u00bb][vc_column_text]<\/p>\n<p style=\"text-align: center; margin-bottom: 0px;\"><strong>La gesti\u00f3n de redes sociales es un conjunto de acciones diarias que se desarrollan en los medios de la empresa para promocionar no solo tu negocio, sino principalmente para acercar y fidelizar a los usuarios. <\/strong><\/p>\n<p style=\"text-align: center; margin-bottom: 0px;\"><strong>Estas acciones van desde la elecci\u00f3n de la red social en la que crear\u00e1s un perfil hasta el an\u00e1lisis de un contenido a ser publicado.<\/strong><\/p>\n<p style=\"text-align: center;\"><strong>Dentro de esta soluci\u00f3n ofrecemos los siguientes servicios:<\/strong><\/p>\n<p>[\/vc_column_text]<div class=\"standard-arrow list-divider bullet-top\"><ul>\n<li><b>Social Media Plan<\/b>: definici\u00f3n e implementaci\u00f3n de una estrategia de redes sociales alineada con la misi\u00f3n y visi\u00f3n de la pyme, que sea relevante y conecte con los potenciales clientes, y fidelice a aquellos usuarios que ya lo sean.<\/li>\n<li><b>Monitorizaci\u00f3n de redes sociales<\/b>: monitorizaci\u00f3n y control peri\u00f3dico a trav\u00e9s de m\u00e9tricas de referencia del impacto de las acciones, para cuantificar los resultados y comprobar si se est\u00e1n cumpliendo los objetivos marcados en la estrategia.<\/li>\n<li><b>Optimizaci\u00f3n de la red\/Auditor\u00eda Social Media<\/b>: an\u00e1lisis de los diferentes canales sociales para poder optimizar el rendimiento.<\/li>\n<li><b>Gesti\u00f3n de una red social:<\/b> administraci\u00f3n del perfil\/usuario de la pyme en, al menos, una red social.<\/li>\n<li><b>Publicaci\u00f3n de posts semanales<\/b>: publicaci\u00f3n por parte del agente digitalizador de un m\u00ednimo de 4-8 entradas (posts) mensuales.<\/li>\n<\/ul>\n<\/div>[vc_column_text]<\/p>\n<h1 style=\"text-align: center; margin-bottom: 0px;\">ENTRE 300 \u20ac Y 1.200 \u20ac (mes\/red)<\/h1>\n<h4 style=\"text-align: center;\">Gesti\u00f3n de redes sociales<\/h4>\n<p>[\/vc_column_text][\/vc_column_inner][\/vc_row_inner][\/vc_tta_section][vc_tta_section title=\u00bbGESTI\u00d3N DE PROCESOS\u00bb tab_id=\u00bb1647415955947-4b2e8580-0e5e\u00bb][vc_row_inner css=\u00bb.vc_custom_1646215882793{margin-top: 30px !important;}\u00bb el_class=\u00bbancho-servicios\u00bb][vc_column_inner][vc_column_text]<\/p>\n<h1 style=\"text-align: center; margin-bottom: 0px;\">Herramienta de Comunicaci\u00f3n Digital<\/h1>\n<p>[\/vc_column_text][vc_single_image image=\u00bb91&#8243; img_size=\u00bb80X50&#8243; alignment=\u00bbcenter\u00bb css=\u00bb.vc_custom_1647417409835{margin-bottom: 20px !important;border-bottom-width: 0px !important;padding-bottom: 0px !important;}\u00bb][vc_column_text]<\/p>\n<p style=\"text-align: center; margin-bottom: 0px;\"><strong>La gesti\u00f3n por procesos puede definirse como una forma de enfocar el trabajo, donde se persigue el mejoramiento continuo de las actividades de una organizaci\u00f3n mediante la identificaci\u00f3n, selecci\u00f3n, descripci\u00f3n, documentaci\u00f3n y mejora continua de los procesos. <\/strong><\/p>\n<p style=\"text-align: center; margin-bottom: 0px;\"><b>Con nuestra Herramienta de Comunicaci\u00f3n Digital mejoramos y digitalizamos toda actividad o secuencia de actividades que se llevan a cabo en los diferentes procesos de comunicaci\u00f3n con los clientes.<\/b><\/p>\n<p>[\/vc_column_text]<div class=\"standard-arrow list-divider bullet-top\"><p>Esta soluci\u00f3n incluye un n\u00famero de horas destinadas a la parametrizaci\u00f3n para la definici\u00f3n de las particularidades de los procesos de comercializaci\u00f3n, as\u00ed como para la carga de datos. Estas horas se determinan, para cada uno de los segmentos de empresas definidos en el Art\u00edculo 8.2, de la siguiente forma:<\/p>\n<ul>\n<li><b>Segmento I <\/b>(10-menos de 50 empleados): 60 horas de parametrizaci\u00f3n.<\/li>\n<li><b>Segmentos II<\/b>\u00a0(3-menos de 10 empleados) y III (0-menos de 3 empleados): 45 horas de parametrizaci\u00f3n.<\/li>\n<li><b>Digitalizaci\u00f3n y\/o automatizaci\u00f3n de procesos de comunicaci\u00f3n con clientes.<\/b><\/li>\n<li><b>Integraci\u00f3n con diversas plataformas<\/b>: la soluci\u00f3n deber\u00e1 disponer de APIs o Web Services para su integraci\u00f3n con otras herramientas.<\/li>\n<li><b>Actualizable<\/b>: la soluci\u00f3n deber\u00e1 ser actualizable con nuevas versiones.<\/li>\n<li><b>Escalable<\/b>: la soluci\u00f3n deber\u00e1 poder adaptarse a los posibles crecimientos o cambios en la estructura empresarial de la pyme.<\/li>\n<\/ul>\n<\/div>[vc_column_text]<\/p>\n<h1 style=\"text-align: center; margin-bottom: 0px;\">Entre 1.200 \u20ac y 3.000 \u20ac<\/h1>\n<h4 style=\"text-align: center;\">Gesti\u00f3n de procesos de comunicaci\u00f3n<\/h4>\n<p>[\/vc_column_text][\/vc_column_inner][\/vc_row_inner][\/vc_tta_section][\/vc_tta_tabs][\/vc_column][\/vc_row][vc_row gap=\u00bb35&#8243; equal_height=\u00bbyes\u00bb content_placement=\u00bbmiddle\u00bb bg_type=\u00bbbg_color\u00bb bg_color_value=\u00bb#f7f7f7&#8243; css=\u00bb.vc_custom_1646215627474{margin-top: 50px !important;padding-right: 20px !important;padding-bottom: 38px !important;padding-left: 20px !important;}\u00bb][vc_column width=\u00bb1\/2&#8243;][vc_column_text css=\u00bb.vc_custom_1646218769173{margin-bottom: 0px !important;border-bottom-width: 0px !important;padding-bottom: 0px !important;}\u00bb]<\/p>\n<h3 style=\"text-align: right; margin-bottom: 10px;\">\u00bfTe gustar\u00eda saber m\u00e1s? \u00bfEst\u00e1s buscando un agente digitalizador para tu negocio?<\/h3>\n<p style=\"text-align: right;\">Si quieres qprovechar todas las ventajas del Plan Kit Digital del Gobierno de Espa\u00f1a puedes llamarnos al <strong>955 468 404<\/strong> o completar el siguiente formulario para contactar con nosotros, el equipo de <strong>PENTABRAND<\/strong> estar\u00e1 encantado de resolver todas tus dudas y ayudarte durante el proceso de tranformaci\u00f3n digital de tu empresa.<\/p>\n<p>[\/vc_column_text][\/vc_column][vc_column width=\u00bb1\/2&#8243;]<div role=\"form\" class=\"wpcf7\" id=\"wpcf7-f29-o1\" lang=\"es-ES\" dir=\"ltr\">\n<div class=\"screen-reader-response\"><p role=\"status\" aria-live=\"polite\" aria-atomic=\"true\"><\/p> <ul><\/ul><\/div>\n<form action=\"\/agente-digitalizador\/wp-json\/wp\/v2\/pages\/10#wpcf7-f29-o1\" method=\"post\" class=\"wpcf7-form init\" novalidate=\"novalidate\" data-status=\"init\">\n<div style=\"display: none;\">\n<input type=\"hidden\" name=\"_wpcf7\" value=\"29\" \/>\n<input type=\"hidden\" name=\"_wpcf7_version\" value=\"5.5.6\" \/>\n<input type=\"hidden\" name=\"_wpcf7_locale\" value=\"es_ES\" \/>\n<input type=\"hidden\" name=\"_wpcf7_unit_tag\" value=\"wpcf7-f29-o1\" \/>\n<input type=\"hidden\" name=\"_wpcf7_container_post\" value=\"0\" \/>\n<input type=\"hidden\" name=\"_wpcf7_posted_data_hash\" value=\"\" \/>\n<\/div>\n<div id=\"responsive-form\" class=\"clearfix\">\n<div class=\"form-row\">\n<div class=\"column-half\"><span class=\"wpcf7-form-control-wrap your-name\"><input type=\"text\" name=\"your-name\" value=\"\" size=\"40\" class=\"wpcf7-form-control wpcf7-text wpcf7-validates-as-required\" aria-required=\"true\" aria-invalid=\"false\" placeholder=\"Nombre *\" \/><\/span><\/div>\n<div class=\"column-half\"><span class=\"wpcf7-form-control-wrap telefono\"><input type=\"text\" name=\"telefono\" value=\"\" size=\"40\" class=\"wpcf7-form-control wpcf7-text wpcf7-validates-as-required\" aria-required=\"true\" aria-invalid=\"false\" placeholder=\"Tel\u00e9fono *\" \/><\/span><\/div>\n<\/div>\n<div class=\"form-row\">\n<div class=\"column-half\"><span class=\"wpcf7-form-control-wrap your-email\"><input type=\"text\" name=\"your-email\" value=\"\" size=\"40\" class=\"wpcf7-form-control wpcf7-text wpcf7-validates-as-required\" aria-required=\"true\" aria-invalid=\"false\" placeholder=\"Email *\" \/><\/span><\/div>\n<div class=\"column-half\"><span class=\"wpcf7-form-control-wrap asunto\"><input type=\"text\" name=\"asunto\" value=\"\" size=\"40\" class=\"wpcf7-form-control wpcf7-text wpcf7-validates-as-required\" aria-required=\"true\" aria-invalid=\"false\" placeholder=\"Asunto *\" \/><\/span><\/div>\n<\/div>\n<div class=\"form-row\">\n<div class=\"column-full\"><span class=\"wpcf7-form-control-wrap experiencia\"><textarea name=\"experiencia\" cols=\"40\" rows=\"4\" class=\"wpcf7-form-control wpcf7-textarea\" aria-invalid=\"false\" placeholder=\"Escriba su mensaje...\"><\/textarea><\/span><\/div>\n<div class=\"column-full\">\n<p style=\"font-size:13px; margin-left:-13px; margin-bottom:0px;\"><span class=\"wpcf7-form-control-wrap acceptance-412\"><span class=\"wpcf7-form-control wpcf7-acceptance\"><span class=\"wpcf7-list-item\"><input type=\"checkbox\" name=\"acceptance-412\" value=\"1\" aria-invalid=\"false\" \/><\/span><\/span><\/span> <span style=\"margin-left:5px;\"><i>Acepto los <a style=\"text-decoration:none;\" href=\"https:\/\/agenciapentabrand.com\/agente-digitalizador\/aviso-legal\/\" target=\"_blank\">t\u00e9rminos y condiciones<\/a> de este sitio web.<\/i><\/span><\/p>\n<\/div>\n<div class=\"column-full\"><input type=\"submit\" value=\"ENVIAR\" class=\"wpcf7-form-control has-spinner wpcf7-submit\" \/><\/div>\n<\/div>\n<\/div>\n<div class=\"wpcf7-response-output\" aria-hidden=\"true\"><\/div><\/form><\/div>[\/vc_column][\/vc_row][vc_row css=\u00bb.vc_custom_1646221302436{margin-top: 50px !important;}\u00bb el_class=\u00bbancho-ayuda\u00bb][vc_column][vc_row_inner equal_height=\u00bbyes\u00bb content_placement=\u00bbmiddle\u00bb gap=\u00bb35&#8243; css=\u00bb.vc_custom_1646221854571{margin-right: 0px !important;margin-left: 0px !important;}\u00bb][vc_column_inner width=\u00bb1\/2&#8243;][vc_video link=\u00bbhttps:\/\/www.youtube.com\/watch?v=LbkzY4PzoZg\u00bb][\/vc_column_inner][vc_column_inner width=\u00bb1\/2&#8243;][vc_column_text]<\/p>\n<h2>\u00bfC\u00f3mo conseguir el bono digital?<\/h2>\n<p>Si cumples con las condiciones establecidas en las bases de la convocatoria de la ayuda del Kit Digital, podr\u00e1s disponer de un bono digital que te permitir\u00e1 acceder a las soluciones de digitalizaci\u00f3n.[\/vc_column_text][\/vc_column_inner][\/vc_row_inner][vc_row_inner equal_height=\u00bbyes\u00bb gap=\u00bb30&#8243; css=\u00bb.vc_custom_1646221829102{margin-right: 0px !important;margin-left: 0px !important;}\u00bb][vc_column_inner width=\u00bb1\/3&#8243; css=\u00bb.vc_custom_1646221691613{border-top-width: 1px !important;border-bottom-width: 1px !important;border-top-color: #000000 !important;border-top-style: solid !important;border-bottom-color: #000000 !important;border-bottom-style: solid !important;}\u00bb][vc_column_text]<\/p>\n<h1>01<\/h1>\n<p><strong>Reg\u00edstrate<\/strong> en <a href=\"https:\/\/www.acelerapyme.gob.es\/user\" target=\"_blank\" rel=\"noopener\">Kit Digital<\/a>\u00a0y completa el <a href=\"https:\/\/www.acelerapyme.gob.es\/quieres-conocer-el-grado-de-digitalizacion-de-tu-pyme\" target=\"_blank\" rel=\"noopener\">test de diagn\u00f3stico digital<\/a>.[\/vc_column_text][vc_empty_space height=\u00bb20px\u00bb][\/vc_column_inner][vc_column_inner width=\u00bb1\/3&#8243; css=\u00bb.vc_custom_1646221721368{border-top-width: 1px !important;border-bottom-width: 1px !important;border-top-color: #000000 !important;border-top-style: solid !important;border-bottom-color: #000000 !important;border-bottom-style: solid !important;}\u00bb][vc_column_text]<\/p>\n<h1>02<\/h1>\n<p><strong>Consulta <\/strong>la informaci\u00f3n disponible de las <a href=\"https:\/\/www.acelerapyme.gob.es\/kit-digital\/soluciones-digitales\" target=\"_blank\" rel=\"noopener\">soluciones de digitalizaci\u00f3n<\/a> que pondr\u00e1 a tu disposici\u00f3n el programa.[\/vc_column_text][vc_empty_space height=\u00bb20px\u00bb][\/vc_column_inner][vc_column_inner width=\u00bb1\/3&#8243; css=\u00bb.vc_custom_1646221771968{border-top-width: 1px !important;border-bottom-width: 1px !important;border-top-color: #000000 !important;border-top-style: solid !important;border-bottom-color: #000000 !important;border-bottom-style: solid !important;}\u00bb][vc_column_text]<\/p>\n<h1>03<\/h1>\n<p><strong>Accede<\/strong> a los tr\u00e1mites para <a class=\"ext\" href=\"https:\/\/sede.red.gob.es\/es\/procedimientos\/convocatoria-de-ayudas-destinadas-la-digitalizacion-de-empresas-del-segmento-i-entre\" target=\"_blank\" rel=\"noopener noreferrer\" data-extlink=\"\">solicitar tu<strong> bono Kit Digital<\/strong><\/a> (a partir del 15 de Marzo).[\/vc_column_text][vc_empty_space height=\u00bb20px\u00bb][\/vc_column_inner][\/vc_row_inner][\/vc_column][\/vc_row][vc_row][vc_column offset=\u00bbvc_hidden-xs\u00bb][vc_empty_space height=\u00bb50px\u00bb][\/vc_column][\/vc_row]<\/p>\n","protected":false},"excerpt":{"rendered":"<p>[vc_row][vc_column][vc_empty_space height=\u00bb30px\u00bb][vc_single_image image=\u00bb24&#8243; img_size=\u00bbfull\u00bb alignment=\u00bbcenter\u00bb][vc_empty_space height=\u00bb40px\u00bb][\/vc_column][\/vc_row][vc_row gap=\u00bb35&#8243; equal_height=\u00bbyes\u00bb content_placement=\u00bbmiddle\u00bb bg_type=\u00bbbg_color\u00bb bg_color_value=\u00bb#f7f7f7&#8243; css=\u00bb.vc_custom_1646213782912{margin-bottom: 50px !important;padding-right: 20px !important;padding-left: 20px !important;}\u00bb][vc_column width=\u00bb1\/2&#8243;][vc_video link=\u00bbhttps:\/\/www.youtube.com\/watch?v=fI_Y5W25hPs&amp;t=2s\u00bb el_aspect=\u00bb43&#8243; align=\u00bbcenter\u00bb][\/vc_column][vc_column width=\u00bb1\/2&#8243;][vc_column_text] \u00bfQu\u00e9 es? El Kit Digital es una iniciativa del Gobierno de Espa\u00f1a, que tiene como objetivo subvencionar la implantaci\u00f3n de soluciones digitales disponibles en el mercado para conseguir un avance significativo en&hellip;<\/p>\n","protected":false},"author":1,"featured_media":0,"parent":0,"menu_order":0,"comment_status":"closed","ping_status":"closed","template":"","meta":{"footnotes":""},"class_list":["post-10","page","type-page","status-publish","hentry","description-off"],"_links":{"self":[{"href":"https:\/\/agenciapentabrand.com\/agente-digitalizador\/wp-json\/wp\/v2\/pages\/10","targetHints":{"allow":["GET"]}}],"collection":[{"href":"https:\/\/agenciapentabrand.com\/agente-digitalizador\/wp-json\/wp\/v2\/pages"}],"about":[{"href":"https:\/\/agenciapentabrand.com\/agente-digitalizador\/wp-json\/wp\/v2\/types\/page"}],"author":[{"embeddable":true,"href":"https:\/\/agenciapentabrand.com\/agente-digitalizador\/wp-json\/wp\/v2\/users\/1"}],"replies":[{"embeddable":true,"href":"https:\/\/agenciapentabrand.com\/agente-digitalizador\/wp-json\/wp\/v2\/comments?post=10"}],"version-history":[{"count":65,"href":"https:\/\/agenciapentabrand.com\/agente-digitalizador\/wp-json\/wp\/v2\/pages\/10\/revisions"}],"predecessor-version":[{"id":154,"href":"https:\/\/agenciapentabrand.com\/agente-digitalizador\/wp-json\/wp\/v2\/pages\/10\/revisions\/154"}],"wp:attachment":[{"href":"https:\/\/agenciapentabrand.com\/agente-digitalizador\/wp-json\/wp\/v2\/media?parent=10"}],"curies":[{"name":"wp","href":"https:\/\/api.w.org\/{rel}","templated":true}]}}